{"id":21928,"date":"2018-11-26T10:45:08","date_gmt":"2018-11-26T10:45:08","guid":{"rendered":"https:\/\/weol.lu\/?post_type=estate_property&#038;p=21928\/"},"modified":"2024-02-27T17:13:04","modified_gmt":"2024-02-27T17:13:04","slug":"appartement-vente-luxembourg-cents-2","status":"publish","type":"estate_property","link":"https:\/\/weol.lu\/fr\/properties\/appartement-vente-luxembourg-cents-2\/","title":{"rendered":"Appartement en vente, LUXEMBOURG-CENTS"},"content":{"rendered":"<h2><strong>Appartement en vente, LUXEMBOURG-CENTS<\/strong><\/h2>\n<p>WEOL S\u00e0rl, votre agence au Cents vous propose un charmant appartement dans le domaine du Carmel. Le domaine est plac\u00e9 strat\u00e9giquement aux portes de la vile, a\u00e9roport et Kirchberg \u00e0 +\/- 5min, tout en gardant un cadre de vie au calme et tr\u00e8s agr\u00e9able, entourer de nature au besoin de s\u2019\u00e9chapper.<\/p>\n<p><em><strong>Les plus :<\/strong><\/em><br \/>\n&#8211; Dernier \u00e9tage.<br \/>\n&#8211; Emplacement int\u00e9rieur.<br \/>\n&#8211; Nouvelle station vel\u00f3H juste devant la r\u00e9sidence.<br \/>\n&#8211; Toutes commodit\u00e9s \u00e0 proximit\u00e9 tels que (Pharmacie, centre m\u00e9dical, m\u00e9decins, poste de police, supermarch\u00e9, bus, \u00e9coles, cr\u00e8ches, parc pour enfants, restaurants&#8230;), le tout accessible \u00e0 pied \u00e0 moins de 2min.<\/p>\n<p><em><strong>Composition du bien :<\/strong><\/em><br \/>\n&#8211; Hall d\u2019entr\u00e9e.<br \/>\n&#8211; S\u00e9jour de 26.59 m2.<br \/>\n&#8211; Cuisine \u00e9quip\u00e9e et s\u00e9par\u00e9e de 9.78 m2 avec possibilit\u00e9 d\u2019ouverture sur le s\u00e9jour.<br \/>\n&#8211; D\u00e9barras.<br \/>\n&#8211; WC s\u00e9par\u00e9.<br \/>\n&#8211; Salle de bains.<br \/>\n&#8211; 2 Chambres \u00e0 coucher (12.42 m2 et 15.20 m2).<\/p>\n<p>Une grande cave et un emplacement au sous-sol viennent compl\u00e9ter la propri\u00e9t\u00e9.<br \/>\nDossier complet du bien sur demande.<\/p>\n<p>N\u2019h\u00e9sitez pas \u00e0 nous contacter pour des renseignements suppl\u00e9mentaires ou afin d\u2019effectuer une visite.<\/p>\n","protected":false},"excerpt":{"rendered":"<p>Appartement en vente, LUXEMBOURG-CENTS WEOL S\u00e0rl, votre agence au Cents vous propose un charmant appartement dans le domaine du Carmel. Le domaine est plac\u00e9 strat\u00e9giquement aux portes de la vile, a\u00e9roport et Kirchberg \u00e0 +\/- 5min, tout en gardant un cadre de vie au calme et tr\u00e8s agr\u00e9able, entourer de nature au besoin de s\u2019\u00e9chapper. Les plus : &#8211; Dernier \u00e9tage. &#8211; Emplacement int\u00e9rieur. &#8230;<\/p>\n","protected":false},"featured_media":21929,"comment_status":"closed","ping_status":"closed","template":"","property_category":[890,904],"property_action_category":[4309],"property_city":[],"property_area":[2336,2204],"property_county_state":[],"property_features":[],"property_status":[],"yoast_head":"<!-- This site is optimized with the Yoast SEO plugin v22.5 - https:\/\/yoast.com\/wordpress\/plugins\/seo\/ -->\n<title>Appartement en vente, LUXEMBOURG-CENTS -- WEOL immo S\u00e0rl<\/title>\n<meta name=\"robots\" content=\"index, follow, max-snippet:-1, max-image-preview:large, max-video-preview:-1\" \/>\n<link rel=\"canonical\" href=\"https:\/\/weol.lu\/fr\/properties\/appartement-vente-luxembourg-cents-2\/\" \/>\n<meta property=\"og:locale\" content=\"fr_FR\" \/>\n<meta property=\"og:type\" content=\"article\" \/>\n<meta property=\"og:title\" content=\"Appartement en vente, LUXEMBOURG-CENTS -- WEOL immo S\u00e0rl\" \/>\n<meta property=\"og:description\" content=\"Appartement en vente, LUXEMBOURG-CENTS WEOL S\u00e0rl, votre agence au Cents vous propose un charmant appartement dans le domaine du Carmel. Le domaine est plac\u00e9 strat\u00e9giquement aux portes de la vile, a\u00e9roport et Kirchberg \u00e0 +\/- 5min, tout en gardant un cadre de vie au calme et tr\u00e8s agr\u00e9able, entourer de nature au besoin de s\u2019\u00e9chapper. Les plus : &#8211; Dernier \u00e9tage. &#8211; Emplacement int\u00e9rieur. ...\" \/>\n<meta property=\"og:url\" content=\"https:\/\/weol.lu\/fr\/properties\/appartement-vente-luxembourg-cents-2\/\" \/>\n<meta property=\"og:site_name\" content=\"Weol Immobili\u00e8re\" \/>\n<meta property=\"article:modified_time\" content=\"2024-02-27T17:13:04+00:00\" \/>\n<meta property=\"og:image\" content=\"https:\/\/weol.lu\/wp-content\/uploads\/2018\/11\/Image1.jpg\" \/>\n\t<meta property=\"og:image:width\" content=\"1688\" \/>\n\t<meta property=\"og:image:height\" content=\"1125\" \/>\n\t<meta property=\"og:image:type\" content=\"image\/jpeg\" \/>\n<meta name=\"twitter:card\" content=\"summary_large_image\" \/>\n<meta name=\"twitter:label1\" content=\"Dur\u00e9e de lecture estim\u00e9e\" \/>\n\t<meta name=\"twitter:data1\" content=\"1 minute\" \/>\n<script type=\"application\/ld+json\" class=\"yoast-schema-graph\">{\"@context\":\"https:\/\/schema.org\",\"@graph\":[{\"@type\":\"WebPage\",\"@id\":\"https:\/\/weol.lu\/fr\/properties\/appartement-vente-luxembourg-cents-2\/\",\"url\":\"https:\/\/weol.lu\/fr\/properties\/appartement-vente-luxembourg-cents-2\/\",\"name\":\"Appartement en vente, LUXEMBOURG-CENTS -- WEOL immo S\u00e0rl\",\"isPartOf\":{\"@id\":\"https:\/\/weol.lu\/fr\/#website\"},\"primaryImageOfPage\":{\"@id\":\"https:\/\/weol.lu\/fr\/properties\/appartement-vente-luxembourg-cents-2\/#primaryimage\"},\"image\":{\"@id\":\"https:\/\/weol.lu\/fr\/properties\/appartement-vente-luxembourg-cents-2\/#primaryimage\"},\"thumbnailUrl\":\"https:\/\/weol.lu\/wp-content\/uploads\/2018\/11\/Image1.jpg\",\"datePublished\":\"2018-11-26T10:45:08+00:00\",\"dateModified\":\"2024-02-27T17:13:04+00:00\",\"breadcrumb\":{\"@id\":\"https:\/\/weol.lu\/fr\/properties\/appartement-vente-luxembourg-cents-2\/#breadcrumb\"},\"inLanguage\":\"fr-FR\",\"potentialAction\":[{\"@type\":\"ReadAction\",\"target\":[\"https:\/\/weol.lu\/fr\/properties\/appartement-vente-luxembourg-cents-2\/\"]}]},{\"@type\":\"ImageObject\",\"inLanguage\":\"fr-FR\",\"@id\":\"https:\/\/weol.lu\/fr\/properties\/appartement-vente-luxembourg-cents-2\/#primaryimage\",\"url\":\"https:\/\/weol.lu\/wp-content\/uploads\/2018\/11\/Image1.jpg\",\"contentUrl\":\"https:\/\/weol.lu\/wp-content\/uploads\/2018\/11\/Image1.jpg\",\"width\":\"1688\",\"height\":\"1125\",\"caption\":\"Appartement en vente, LUXEMBOURG-CENTS\"},{\"@type\":\"BreadcrumbList\",\"@id\":\"https:\/\/weol.lu\/fr\/properties\/appartement-vente-luxembourg-cents-2\/#breadcrumb\",\"itemListElement\":[{\"@type\":\"ListItem\",\"position\":1,\"name\":\"Propri\u00e9t\u00e9s\",\"item\":\"https:\/\/weol.lu\/fr\/properties\/\"},{\"@type\":\"ListItem\",\"position\":2,\"name\":\"Appartement en vente, LUXEMBOURG-CENTS\"}]},{\"@type\":\"WebSite\",\"@id\":\"https:\/\/weol.lu\/fr\/#website\",\"url\":\"https:\/\/weol.lu\/fr\/\",\"name\":\"Weol Immobili\u00e8re\",\"description\":\"Immobili\u00e8re Agence\",\"potentialAction\":[{\"@type\":\"SearchAction\",\"target\":{\"@type\":\"EntryPoint\",\"urlTemplate\":\"https:\/\/weol.lu\/fr\/?s={search_term_string}\"},\"query-input\":\"required name=search_term_string\"}],\"inLanguage\":\"fr-FR\"}]}<\/script>\n<!-- \/ Yoast SEO plugin. -->","yoast_head_json":{"title":"Appartement en vente, LUXEMBOURG-CENTS -- WEOL immo S\u00e0rl","robots":{"index":"index","follow":"follow","max-snippet":"max-snippet:-1","max-image-preview":"max-image-preview:large","max-video-preview":"max-video-preview:-1"},"canonical":"https:\/\/weol.lu\/fr\/properties\/appartement-vente-luxembourg-cents-2\/","og_locale":"fr_FR","og_type":"article","og_title":"Appartement en vente, LUXEMBOURG-CENTS -- WEOL immo S\u00e0rl","og_description":"Appartement en vente, LUXEMBOURG-CENTS WEOL S\u00e0rl, votre agence au Cents vous propose un charmant appartement dans le domaine du Carmel. Le domaine est plac\u00e9 strat\u00e9giquement aux portes de la vile, a\u00e9roport et Kirchberg \u00e0 +\/- 5min, tout en gardant un cadre de vie au calme et tr\u00e8s agr\u00e9able, entourer de nature au besoin de s\u2019\u00e9chapper. Les plus : &#8211; Dernier \u00e9tage. &#8211; Emplacement int\u00e9rieur. ...","og_url":"https:\/\/weol.lu\/fr\/properties\/appartement-vente-luxembourg-cents-2\/","og_site_name":"Weol Immobili\u00e8re","article_modified_time":"2024-02-27T17:13:04+00:00","og_image":[{"width":"1688","height":"1125","url":"https:\/\/weol.lu\/wp-content\/uploads\/2018\/11\/Image1.jpg","type":"image\/jpeg"}],"twitter_card":"summary_large_image","twitter_misc":{"Dur\u00e9e de lecture estim\u00e9e":"1 minute"},"schema":{"@context":"https:\/\/schema.org","@graph":[{"@type":"WebPage","@id":"https:\/\/weol.lu\/fr\/properties\/appartement-vente-luxembourg-cents-2\/","url":"https:\/\/weol.lu\/fr\/properties\/appartement-vente-luxembourg-cents-2\/","name":"Appartement en vente, LUXEMBOURG-CENTS -- WEOL immo S\u00e0rl","isPartOf":{"@id":"https:\/\/weol.lu\/fr\/#website"},"primaryImageOfPage":{"@id":"https:\/\/weol.lu\/fr\/properties\/appartement-vente-luxembourg-cents-2\/#primaryimage"},"image":{"@id":"https:\/\/weol.lu\/fr\/properties\/appartement-vente-luxembourg-cents-2\/#primaryimage"},"thumbnailUrl":"https:\/\/weol.lu\/wp-content\/uploads\/2018\/11\/Image1.jpg","datePublished":"2018-11-26T10:45:08+00:00","dateModified":"2024-02-27T17:13:04+00:00","breadcrumb":{"@id":"https:\/\/weol.lu\/fr\/properties\/appartement-vente-luxembourg-cents-2\/#breadcrumb"},"inLanguage":"fr-FR","potentialAction":[{"@type":"ReadAction","target":["https:\/\/weol.lu\/fr\/properties\/appartement-vente-luxembourg-cents-2\/"]}]},{"@type":"ImageObject","inLanguage":"fr-FR","@id":"https:\/\/weol.lu\/fr\/properties\/appartement-vente-luxembourg-cents-2\/#primaryimage","url":"https:\/\/weol.lu\/wp-content\/uploads\/2018\/11\/Image1.jpg","contentUrl":"https:\/\/weol.lu\/wp-content\/uploads\/2018\/11\/Image1.jpg","width":"1688","height":"1125","caption":"Appartement en vente, LUXEMBOURG-CENTS"},{"@type":"BreadcrumbList","@id":"https:\/\/weol.lu\/fr\/properties\/appartement-vente-luxembourg-cents-2\/#breadcrumb","itemListElement":[{"@type":"ListItem","position":1,"name":"Propri\u00e9t\u00e9s","item":"https:\/\/weol.lu\/fr\/properties\/"},{"@type":"ListItem","position":2,"name":"Appartement en vente, LUXEMBOURG-CENTS"}]},{"@type":"WebSite","@id":"https:\/\/weol.lu\/fr\/#website","url":"https:\/\/weol.lu\/fr\/","name":"Weol Immobili\u00e8re","description":"Immobili\u00e8re Agence","potentialAction":[{"@type":"SearchAction","target":{"@type":"EntryPoint","urlTemplate":"https:\/\/weol.lu\/fr\/?s={search_term_string}"},"query-input":"required name=search_term_string"}],"inLanguage":"fr-FR"}]}},"_links":{"self":[{"href":"https:\/\/weol.lu\/fr\/wp-json\/wp\/v2\/estate_property\/21928"}],"collection":[{"href":"https:\/\/weol.lu\/fr\/wp-json\/wp\/v2\/estate_property"}],"about":[{"href":"https:\/\/weol.lu\/fr\/wp-json\/wp\/v2\/types\/estate_property"}],"replies":[{"embeddable":true,"href":"https:\/\/weol.lu\/fr\/wp-json\/wp\/v2\/comments?post=21928"}],"wp:featuredmedia":[{"embeddable":true,"href":"https:\/\/weol.lu\/fr\/wp-json\/wp\/v2\/media\/21929"}],"wp:attachment":[{"href":"https:\/\/weol.lu\/fr\/wp-json\/wp\/v2\/media?parent=21928"}],"wp:term":[{"taxonomy":"property_category","embeddable":true,"href":"https:\/\/weol.lu\/fr\/wp-json\/wp\/v2\/property_category?post=21928"},{"taxonomy":"property_action_category","embeddable":true,"href":"https:\/\/weol.lu\/fr\/wp-json\/wp\/v2\/property_action_category?post=21928"},{"taxonomy":"property_city","embeddable":true,"href":"https:\/\/weol.lu\/fr\/wp-json\/wp\/v2\/property_city?post=21928"},{"taxonomy":"property_area","embeddable":true,"href":"https:\/\/weol.lu\/fr\/wp-json\/wp\/v2\/property_area?post=21928"},{"taxonomy":"property_county_state","embeddable":true,"href":"https:\/\/weol.lu\/fr\/wp-json\/wp\/v2\/property_county_state?post=21928"},{"taxonomy":"property_features","embeddable":true,"href":"https:\/\/weol.lu\/fr\/wp-json\/wp\/v2\/property_features?post=21928"},{"taxonomy":"property_status","embeddable":true,"href":"https:\/\/weol.lu\/fr\/wp-json\/wp\/v2\/property_status?post=21928"}],"curies":[{"name":"wp","href":"https:\/\/api.w.org\/{rel}","templated":true}]}}