{"id":26257,"date":"2022-05-16T13:04:42","date_gmt":"2022-05-16T13:04:42","guid":{"rendered":"https:\/\/weol.lu\/?post_type=estate_property&#038;p=26257"},"modified":"2024-02-28T08:01:17","modified_gmt":"2024-02-28T08:01:17","slug":"maison-en-vente-a-esch-sur-alzette","status":"publish","type":"estate_property","link":"https:\/\/weol.lu\/fr\/properties\/maison-en-vente-a-esch-sur-alzette\/","title":{"rendered":"Maison en vente \u00e0 Esch-sur-Alzette"},"content":{"rendered":"<div class=\"iframe-container-video\" style=\"text-align: center;\"><iframe loading=\"lazy\" title=\"YouTube video player\" src=\"https:\/\/www.youtube.com\/embed\/kUIvvMhYcYA?si=a1F5UOHB5dPvxGen?rel=0\" width=\"560\" height=\"315\" frameborder=\"0\" allowfullscreen=\"allowfullscreen\"><span style=\"display: inline-block; width: 0px; overflow: hidden; line-height: 0;\" data-mce-type=\"bookmark\" class=\"mce_SELRES_start\">\ufeff<\/span><span style=\"display: inline-block; width: 0px; overflow: hidden; line-height: 0;\" data-mce-type=\"bookmark\" class=\"mce_SELRES_start\">\ufeff<\/span><\/iframe><\/div>\n<h4 style=\"text-align: left;\"><strong>Weol Immobili\u00e8re S\u00e0rl, agence nouvelle g\u00e9n\u00e9ration et sp\u00e9cialiste dans l\u2019immobilier au Luxembourg, met en vente une maison de caract\u00e8re, enti\u00e8rement r\u00e9nov\u00e9 d\u2019une surface utile de 101,04 m2.<\/strong><\/h4>\n<p><strong>Les plus :<\/strong><\/p>\n<ul>\n<li>Charmante maison de carcat\u00e8re.<\/li>\n<li>Maison compl\u00e8tement r\u00e9nov\u00e9e en 2021(reste finitions \u00e0 terminer)<\/li>\n<li>Syst\u00e8me \u00e9lectrique | Neuf<\/li>\n<li>Chaudi\u00e8re \u00e0 gaz | Neuf<\/li>\n<li>Parquet et carrelage imitation marbre.<\/li>\n<li>2 grandes Terrasses, une avec jardin de 94 m2 avec acc\u00e8s au sous-sol et une \u00e0 l\u2019\u00e9tage de 22.95 m2.<\/li>\n<li>Toutes commodit\u00e9s \u00e0 proximit\u00e9 tels que (Gare, Clinique, m\u00e9decins, poste de police, supermarch\u00e9, bus, \u00e9coles, cr\u00e8ches, parc pour enfants, restaurants&#8230;), le tout bien accessible.<\/li>\n<\/ul>\n<h2 style=\"text-align: center;\">Visite virtuelle 3D ultra r\u00e9aliste.<\/h2>\n<div class=\"resp-container\" style=\"text-align: center;\"><iframe class=\"resp-iframe\" src=\"https:\/\/my.matterport.com\/show\/?m=eypHwcXHRaf\" allowfullscreen=\"allowfullscreen\"><span style=\"display: inline-block; width: 0px; overflow: hidden; line-height: 0;\" data-mce-type=\"bookmark\" class=\"mce_SELRES_start\"><\/span><span style=\"display: inline-block; width: 0px; overflow: hidden; line-height: 0;\" data-mce-type=\"bookmark\" class=\"mce_SELRES_start\"><\/span><\/iframe><\/div>\n<p><strong>La composition :<\/strong><\/p>\n<ul>\n<li>Hall d\u2019entr\u00e9e.<\/li>\n<li>Cuisine (08.50 m2) \u00e9quip\u00e9e neuve avec acc\u00e8s terrasse\/jardin (94 m2) expos\u00e9 ouest.<\/li>\n<li>S\u00e9jour et salle \u00e0 manger (38.11) m2 avec chemin\u00e9e.<\/li>\n<li>1 Point d\u2019eau avec toilette.<\/li>\n<li>1 suite parentale avec dressing et point d\u2019eau. (15.93 m2) avec acc\u00e8s \u00e0 une Terrasse de 22.95 m2 (autorisation de changer la Terrasse en Surface habitable).<\/li>\n<li>1 chambre \u00e0 coucher (17.20 m2).<\/li>\n<\/ul>\n<p>Un sous-sol et un garage compl\u00e8tent la propri\u00e9t\u00e9. Un dossier complet est disponible sur demande.<\/p>\n<p>Veuillez utiliser notre <a href=\"https:\/\/book.timify.com\/?accountId=5e130e35fefddd11d774a9e3&amp;hideCloseButton=true\" target=\"_blank\" rel=\"noopener noreferrer\">calendrier en ligne disponible 24\/7<\/a> afin de fixer un rdv pour une visite.<\/p>\n<p><span style=\"font-size: 10pt;\"><em>Esch-sur-Alzette est une ville luxembourgeoise. Chef-lieu du canton du m\u00eame nom, elle est, apr\u00e8s Luxembourg-ville, la deuxi\u00e8me ville du pays par la population avec plus de 36 000 habitants. La ville est la capitale des \u00ab Terres Rouges \u00bb, riches en minerai de fer, et reste un grand centre sid\u00e9rurgique du pays. Elle est situ\u00e9e dans le sud du Luxembourg, \u00e0 proximit\u00e9 imm\u00e9diate de la fronti\u00e8re fran\u00e7aise. Elle montre aujourd\u2019hui un r\u00e9el dynamisme et de nombreux attraits.<\/em><\/span><\/p>\n","protected":false},"excerpt":{"rendered":"<p>\ufeff\ufeff Weol Immobili\u00e8re S\u00e0rl, agence nouvelle g\u00e9n\u00e9ration et sp\u00e9cialiste dans l\u2019immobilier au Luxembourg, met en vente une maison de caract\u00e8re, enti\u00e8rement r\u00e9nov\u00e9 d\u2019une surface utile de 101,04 m2. Les plus : Charmante maison de carcat\u00e8re. Maison compl\u00e8tement r\u00e9nov\u00e9e en 2021(reste finitions \u00e0 terminer) Syst\u00e8me \u00e9lectrique | Neuf Chaudi\u00e8re \u00e0 gaz | Neuf Parquet et carrelage imitation marbre. 2 grandes Terrasses, une avec jardin de &#8230;<\/p>\n","protected":false},"featured_media":26572,"comment_status":"closed","ping_status":"closed","template":"","property_category":[965],"property_action_category":[4309],"property_city":[],"property_area":[4113],"property_county_state":[],"property_features":[],"property_status":[],"yoast_head":"<!-- This site is optimized with the Yoast SEO plugin v22.5 - https:\/\/yoast.com\/wordpress\/plugins\/seo\/ -->\n<title>Maison en vente \u00e0 Esch-sur-Alzette - Weol Immobili\u00e8re<\/title>\n<meta name=\"description\" content=\"Weol Immobili\u00e8re S\u00e0rl, met en vente une maison de caract\u00e8re, enti\u00e8rement r\u00e9nov\u00e9 d\u2019une surface utile de 101,04 m2.\" \/>\n<meta name=\"robots\" content=\"index, follow, max-snippet:-1, max-image-preview:large, max-video-preview:-1\" \/>\n<link rel=\"canonical\" href=\"https:\/\/weol.lu\/fr\/properties\/maison-en-vente-a-esch-sur-alzette\/\" \/>\n<meta property=\"og:locale\" content=\"fr_FR\" \/>\n<meta property=\"og:type\" content=\"article\" \/>\n<meta property=\"og:title\" content=\"Maison en vente \u00e0 Esch-sur-Alzette - Weol Immobili\u00e8re\" \/>\n<meta property=\"og:description\" content=\"Weol Immobili\u00e8re S\u00e0rl, met en vente une maison de caract\u00e8re, enti\u00e8rement r\u00e9nov\u00e9 d\u2019une surface utile de 101,04 m2.\" \/>\n<meta property=\"og:url\" content=\"https:\/\/weol.lu\/fr\/properties\/maison-en-vente-a-esch-sur-alzette\/\" \/>\n<meta property=\"og:site_name\" content=\"Weol Immobili\u00e8re\" \/>\n<meta property=\"article:modified_time\" content=\"2024-02-28T08:01:17+00:00\" \/>\n<meta property=\"og:image\" content=\"https:\/\/weol.lu\/wp-content\/uploads\/2022\/05\/Maison_final-scaled.jpg\" \/>\n\t<meta property=\"og:image:width\" content=\"2560\" \/>\n\t<meta property=\"og:image:height\" content=\"1440\" \/>\n\t<meta property=\"og:image:type\" content=\"image\/jpeg\" \/>\n<meta name=\"twitter:card\" content=\"summary_large_image\" \/>\n<meta name=\"twitter:label1\" content=\"Dur\u00e9e de lecture estim\u00e9e\" \/>\n\t<meta name=\"twitter:data1\" content=\"2 minutes\" \/>\n<script type=\"application\/ld+json\" class=\"yoast-schema-graph\">{\"@context\":\"https:\/\/schema.org\",\"@graph\":[{\"@type\":\"WebPage\",\"@id\":\"https:\/\/weol.lu\/fr\/properties\/maison-en-vente-a-esch-sur-alzette\/\",\"url\":\"https:\/\/weol.lu\/fr\/properties\/maison-en-vente-a-esch-sur-alzette\/\",\"name\":\"Maison en vente \u00e0 Esch-sur-Alzette - Weol Immobili\u00e8re\",\"isPartOf\":{\"@id\":\"https:\/\/weol.lu\/fr\/#website\"},\"primaryImageOfPage\":{\"@id\":\"https:\/\/weol.lu\/fr\/properties\/maison-en-vente-a-esch-sur-alzette\/#primaryimage\"},\"image\":{\"@id\":\"https:\/\/weol.lu\/fr\/properties\/maison-en-vente-a-esch-sur-alzette\/#primaryimage\"},\"thumbnailUrl\":\"https:\/\/weol.lu\/wp-content\/uploads\/2022\/05\/Maison_final-scaled.jpg\",\"datePublished\":\"2022-05-16T13:04:42+00:00\",\"dateModified\":\"2024-02-28T08:01:17+00:00\",\"description\":\"Weol Immobili\u00e8re S\u00e0rl, met en vente une maison de caract\u00e8re, enti\u00e8rement r\u00e9nov\u00e9 d\u2019une surface utile de 101,04 m2.\",\"breadcrumb\":{\"@id\":\"https:\/\/weol.lu\/fr\/properties\/maison-en-vente-a-esch-sur-alzette\/#breadcrumb\"},\"inLanguage\":\"fr-FR\",\"potentialAction\":[{\"@type\":\"ReadAction\",\"target\":[\"https:\/\/weol.lu\/fr\/properties\/maison-en-vente-a-esch-sur-alzette\/\"]}]},{\"@type\":\"ImageObject\",\"inLanguage\":\"fr-FR\",\"@id\":\"https:\/\/weol.lu\/fr\/properties\/maison-en-vente-a-esch-sur-alzette\/#primaryimage\",\"url\":\"https:\/\/weol.lu\/wp-content\/uploads\/2022\/05\/Maison_final-scaled.jpg\",\"contentUrl\":\"https:\/\/weol.lu\/wp-content\/uploads\/2022\/05\/Maison_final-scaled.jpg\",\"width\":2560,\"height\":1440,\"caption\":\"Ext\u00e9rieur\"},{\"@type\":\"BreadcrumbList\",\"@id\":\"https:\/\/weol.lu\/fr\/properties\/maison-en-vente-a-esch-sur-alzette\/#breadcrumb\",\"itemListElement\":[{\"@type\":\"ListItem\",\"position\":1,\"name\":\"Propri\u00e9t\u00e9s\",\"item\":\"https:\/\/weol.lu\/fr\/properties\/\"},{\"@type\":\"ListItem\",\"position\":2,\"name\":\"Maison en vente \u00e0 Esch-sur-Alzette\"}]},{\"@type\":\"WebSite\",\"@id\":\"https:\/\/weol.lu\/fr\/#website\",\"url\":\"https:\/\/weol.lu\/fr\/\",\"name\":\"Weol Immobili\u00e8re\",\"description\":\"Immobili\u00e8re Agence\",\"potentialAction\":[{\"@type\":\"SearchAction\",\"target\":{\"@type\":\"EntryPoint\",\"urlTemplate\":\"https:\/\/weol.lu\/fr\/?s={search_term_string}\"},\"query-input\":\"required name=search_term_string\"}],\"inLanguage\":\"fr-FR\"}]}<\/script>\n<!-- \/ Yoast SEO plugin. -->","yoast_head_json":{"title":"Maison en vente \u00e0 Esch-sur-Alzette - Weol Immobili\u00e8re","description":"Weol Immobili\u00e8re S\u00e0rl, met en vente une maison de caract\u00e8re, enti\u00e8rement r\u00e9nov\u00e9 d\u2019une surface utile de 101,04 m2.","robots":{"index":"index","follow":"follow","max-snippet":"max-snippet:-1","max-image-preview":"max-image-preview:large","max-video-preview":"max-video-preview:-1"},"canonical":"https:\/\/weol.lu\/fr\/properties\/maison-en-vente-a-esch-sur-alzette\/","og_locale":"fr_FR","og_type":"article","og_title":"Maison en vente \u00e0 Esch-sur-Alzette - Weol Immobili\u00e8re","og_description":"Weol Immobili\u00e8re S\u00e0rl, met en vente une maison de caract\u00e8re, enti\u00e8rement r\u00e9nov\u00e9 d\u2019une surface utile de 101,04 m2.","og_url":"https:\/\/weol.lu\/fr\/properties\/maison-en-vente-a-esch-sur-alzette\/","og_site_name":"Weol Immobili\u00e8re","article_modified_time":"2024-02-28T08:01:17+00:00","og_image":[{"width":2560,"height":1440,"url":"https:\/\/weol.lu\/wp-content\/uploads\/2022\/05\/Maison_final-scaled.jpg","type":"image\/jpeg"}],"twitter_card":"summary_large_image","twitter_misc":{"Dur\u00e9e de lecture estim\u00e9e":"2 minutes"},"schema":{"@context":"https:\/\/schema.org","@graph":[{"@type":"WebPage","@id":"https:\/\/weol.lu\/fr\/properties\/maison-en-vente-a-esch-sur-alzette\/","url":"https:\/\/weol.lu\/fr\/properties\/maison-en-vente-a-esch-sur-alzette\/","name":"Maison en vente \u00e0 Esch-sur-Alzette - Weol Immobili\u00e8re","isPartOf":{"@id":"https:\/\/weol.lu\/fr\/#website"},"primaryImageOfPage":{"@id":"https:\/\/weol.lu\/fr\/properties\/maison-en-vente-a-esch-sur-alzette\/#primaryimage"},"image":{"@id":"https:\/\/weol.lu\/fr\/properties\/maison-en-vente-a-esch-sur-alzette\/#primaryimage"},"thumbnailUrl":"https:\/\/weol.lu\/wp-content\/uploads\/2022\/05\/Maison_final-scaled.jpg","datePublished":"2022-05-16T13:04:42+00:00","dateModified":"2024-02-28T08:01:17+00:00","description":"Weol Immobili\u00e8re S\u00e0rl, met en vente une maison de caract\u00e8re, enti\u00e8rement r\u00e9nov\u00e9 d\u2019une surface utile de 101,04 m2.","breadcrumb":{"@id":"https:\/\/weol.lu\/fr\/properties\/maison-en-vente-a-esch-sur-alzette\/#breadcrumb"},"inLanguage":"fr-FR","potentialAction":[{"@type":"ReadAction","target":["https:\/\/weol.lu\/fr\/properties\/maison-en-vente-a-esch-sur-alzette\/"]}]},{"@type":"ImageObject","inLanguage":"fr-FR","@id":"https:\/\/weol.lu\/fr\/properties\/maison-en-vente-a-esch-sur-alzette\/#primaryimage","url":"https:\/\/weol.lu\/wp-content\/uploads\/2022\/05\/Maison_final-scaled.jpg","contentUrl":"https:\/\/weol.lu\/wp-content\/uploads\/2022\/05\/Maison_final-scaled.jpg","width":2560,"height":1440,"caption":"Ext\u00e9rieur"},{"@type":"BreadcrumbList","@id":"https:\/\/weol.lu\/fr\/properties\/maison-en-vente-a-esch-sur-alzette\/#breadcrumb","itemListElement":[{"@type":"ListItem","position":1,"name":"Propri\u00e9t\u00e9s","item":"https:\/\/weol.lu\/fr\/properties\/"},{"@type":"ListItem","position":2,"name":"Maison en vente \u00e0 Esch-sur-Alzette"}]},{"@type":"WebSite","@id":"https:\/\/weol.lu\/fr\/#website","url":"https:\/\/weol.lu\/fr\/","name":"Weol Immobili\u00e8re","description":"Immobili\u00e8re Agence","potentialAction":[{"@type":"SearchAction","target":{"@type":"EntryPoint","urlTemplate":"https:\/\/weol.lu\/fr\/?s={search_term_string}"},"query-input":"required name=search_term_string"}],"inLanguage":"fr-FR"}]}},"_links":{"self":[{"href":"https:\/\/weol.lu\/fr\/wp-json\/wp\/v2\/estate_property\/26257"}],"collection":[{"href":"https:\/\/weol.lu\/fr\/wp-json\/wp\/v2\/estate_property"}],"about":[{"href":"https:\/\/weol.lu\/fr\/wp-json\/wp\/v2\/types\/estate_property"}],"replies":[{"embeddable":true,"href":"https:\/\/weol.lu\/fr\/wp-json\/wp\/v2\/comments?post=26257"}],"wp:featuredmedia":[{"embeddable":true,"href":"https:\/\/weol.lu\/fr\/wp-json\/wp\/v2\/media\/26572"}],"wp:attachment":[{"href":"https:\/\/weol.lu\/fr\/wp-json\/wp\/v2\/media?parent=26257"}],"wp:term":[{"taxonomy":"property_category","embeddable":true,"href":"https:\/\/weol.lu\/fr\/wp-json\/wp\/v2\/property_category?post=26257"},{"taxonomy":"property_action_category","embeddable":true,"href":"https:\/\/weol.lu\/fr\/wp-json\/wp\/v2\/property_action_category?post=26257"},{"taxonomy":"property_city","embeddable":true,"href":"https:\/\/weol.lu\/fr\/wp-json\/wp\/v2\/property_city?post=26257"},{"taxonomy":"property_area","embeddable":true,"href":"https:\/\/weol.lu\/fr\/wp-json\/wp\/v2\/property_area?post=26257"},{"taxonomy":"property_county_state","embeddable":true,"href":"https:\/\/weol.lu\/fr\/wp-json\/wp\/v2\/property_county_state?post=26257"},{"taxonomy":"property_features","embeddable":true,"href":"https:\/\/weol.lu\/fr\/wp-json\/wp\/v2\/property_features?post=26257"},{"taxonomy":"property_status","embeddable":true,"href":"https:\/\/weol.lu\/fr\/wp-json\/wp\/v2\/property_status?post=26257"}],"curies":[{"name":"wp","href":"https:\/\/api.w.org\/{rel}","templated":true}]}}